{"id":2,"date":"2009-06-11T10:58:50","date_gmt":"2009-06-11T14:58:50","guid":{"rendered":"http:\/\/www.fjs1970.se\/wordpress\/?page_id=2"},"modified":"2010-06-01T05:29:32","modified_gmt":"2010-06-01T03:29:32","slug":"about","status":"publish","type":"page","link":"https:\/\/www.fjs1970.se\/?page_id=2","title":{"rendered":"GU 70\/71"},"content":{"rendered":"<p><strong>\u00a0<img loading=\"lazy\" decoding=\"async\" class=\"alignnone size-full wp-image-802\" title=\"m\u00e4rket \u00f6rnen\" src=\"http:\/\/www.fjs1970.se\/wp-content\/uploads\/2009\/12\/fjs_m601.jpg\" alt=\"\" width=\"65\" height=\"38\" \/><\/strong><\/p>\n<p><strong>\u00a0\u00a0\u00a0\u00a0 <\/strong><\/p>\n<h5>-Vilja, Mod och Uth\u00e5llighet-<\/h5>\n<div id=\"attachment_1483\" style=\"width: 619px\" class=\"wp-caption alignnone\"><img loading=\"lazy\" decoding=\"async\" aria-describedby=\"caption-attachment-1483\" class=\"size-full wp-image-1483\" title=\"Gamla l\u00e4gret vid V\u00e4ttern\" src=\"http:\/\/www.fjs1970.se\/wp-content\/uploads\/2009\/06\/Gamla-l\u00e4gret-1.jpg\" alt=\"Gamla l\u00e4gret vid V\u00e4ttern\" width=\"609\" height=\"407\" srcset=\"https:\/\/www.fjs1970.se\/wp-content\/uploads\/2009\/06\/Gamla-l\u00e4gret-1.jpg 609w, https:\/\/www.fjs1970.se\/wp-content\/uploads\/2009\/06\/Gamla-l\u00e4gret-1-300x200.jpg 300w\" sizes=\"auto, (max-width: 609px) 100vw, 609px\" \/><p id=\"caption-attachment-1483\" class=\"wp-caption-text\">Gamla l\u00e4gret vid V\u00e4ttern<\/p><\/div>\n<p><strong>\u00a0 <\/strong><\/p>\n<p><strong>Inryckning i juni 1970<\/strong><\/p>\n<blockquote><p><strong>Fr\u00e5n och med i \u00e5r sker inryckningen i b\u00f6rjan av juni, vilket inneb\u00e4r en l\u00e4nge efterstr\u00e4vad anpassning till det civila skol\u00e5ret.\u00a0 Den nya \u00e5ldersklassen har fr\u00e5n inskrivningarna, gl\u00e4djande nog, ovanligt h\u00f6ga testv\u00e4rden &#8221;b\u00e5de p\u00e5 huvudets och benens v\u00e4gnar&#8221;. Detta och det v\u00e4lk\u00e4nda valspr\u00e5ket &#8221;f\u00f6r en fallsk\u00e4rmsj\u00e4gare \u00e4r ingenting om\u00f6jligt&#8221; g\u00f6r att vi med f\u00f6rtr\u00f6stan kan g\u00e5 in i det nya utbildnings\u00e5ret.<\/strong><\/p>\n<p><strong>Skolchef Magnus Eriksson ur \u00d6rnen nr.54, sommaren 1970.<\/strong><\/p><\/blockquote>\n<p>\u00a0<\/p>\n<blockquote><p><strong>In-ryckningen.<\/strong><\/p>\n<p><strong>Nu har fjorton dagar passerat. Vi har avancerat fr\u00e5n rekryter till soldater, fr\u00e5n b\u00e5tm\u00f6ssa till basker. N\u00e5gra har avrustat.<\/strong><\/p>\n<p><strong>De som \u00e4r kvar b\u00f6rjar k\u00e4nna sina &#8221;gehalt&#8221; som Jonsson p\u00e5 v\u00e5r lucka uttrycker det. Och k\u00e4ngorna \u00e4r oftast &#8221;v\u00e5rdade&#8221;. I vissa fall blandas skokr\u00e4men upp med vissa ingredienser, f\u00f6r att ge denna extra lyster. Ett bepr\u00f6vat recept: Ett par v\u00e4l insmorda k\u00e4ngor, gnides l\u00e4nge och v\u00e4l med v\u00e5t bomull. \u00c4ven en damstrumpa kan anv\u00e4ndas om sista permissionen givit \u00f6nskad utdelning. Om lystern inte bed\u00f6ms vara den r\u00e4tta kan &#8221;\u00f6verkocken&#8221; ordinera en sk. skoputsar aperitif best\u00e5ende av v\u00e4l avv\u00e4gda delar armh\u00e4vningar och maratonvarv runt f\u00f6rl\u00e4ggningens byggnader. Metoden l\u00e4r garantera toppresultat i 99 fall av hundra.<\/strong><\/p>\n<p><strong>D\u00e5, f\u00f6r fjorton dagar sedan, kom man neddimpande h\u00e4r med en m\u00e4ngd vaga vetskaper om livet som milit\u00e4r speciellt d\u00e5 vad fallsk\u00e4rmsj\u00e4garskolan betr\u00e4ffar. P\u00e5 t\u00e5get fr\u00e5n Sk\u00f6vde m\u00f6tte man en m\u00e4ngd likasinnade prissar. Alla sneglade os\u00e4kert p\u00e5 varann. Vilka h\u00e4r har en milit\u00e4r inkallelseorder som f\u00e4rd-kn\u00e4pp? Fr\u00e5gan lyser outtalad. Men n\u00e4r kondukt\u00f6ren kommer dras biljetterna fram. Det blir som n\u00e4r en vaktm\u00e4stare \u00f6ppnar d\u00f6rrarna till en packad f\u00f6rel\u00e4sningssal. Trycket l\u00e4ttar!<\/strong><\/p>\n<p><strong>I Karlsborg m\u00f6ts vi av en gr\u00f6nm\u00e5lad buss. &#8221;De h\u00e4ringa bussarna e junte s\u00e5 himla d\u00e5lia som polarn sa&#8221; h\u00f6rs en kommentar bakifr\u00e5n bussen n\u00e4r vi g\u00e5r ombord. Vi presenteras f\u00f6r mottagningskommiten; tv\u00e5 gr\u00f6nkl\u00e4dda varelser. Jag kom att t\u00e4nka p\u00e5 ett tr\u00e4d n\u00e4r jag s\u00e5g dom. Bruna r\u00f6tter, gr\u00f6n stj\u00e4lk med tv\u00e5 grenar och s\u00e5 en r\u00f6d blomma h\u00f6gst upp. Snart nog exponerades deras fr\u00f6hus ocks\u00e5. H\u00e5ret var kortklippt till den milda grad! Jag befarade att en olycka hade h\u00e4nt. Kufarna hade legat och sovit i gr\u00e4set och blivit \u00f6verk\u00f6rda av en gr\u00e4sklippare. Och med den uniformen m\u00e5ste ju risken vara st\u00e4ndigt \u00f6verh\u00e4ngande.<\/strong><\/p>\n<p><strong>Tv\u00e5 dagar senare s\u00e5g hela g\u00e4nget ut som kardborrar i huvudet.<\/strong><\/p>\n<p><strong>\/Saxo\/\u00a0\u00a0\u00a0\u00a0\u00a0\u00a0\u00a0\u00a0\u00a0\u00a0\u00a0\u00a0\u00a0\u00a0\u00a0\u00a0\u00a0\u00a0\u00a0\u00a0 ur \u00d6rnen nr.54,\u00a0 sommaren 1970<\/strong><\/p><\/blockquote>\n<p><strong><img loading=\"lazy\" decoding=\"async\" class=\"alignnone size-full wp-image-1660\" title=\"Teckning ur \u00d6rnen av 218 Johansson\" src=\"http:\/\/www.fjs1970.se\/wp-content\/uploads\/2009\/06\/Teckning-23.jpg\" alt=\"\" width=\"512\" height=\"330\" srcset=\"https:\/\/www.fjs1970.se\/wp-content\/uploads\/2009\/06\/Teckning-23.jpg 640w, https:\/\/www.fjs1970.se\/wp-content\/uploads\/2009\/06\/Teckning-23-300x193.jpg 300w\" sizes=\"auto, (max-width: 512px) 100vw, 512px\" \/>\u00a0<\/strong><\/p>\n<p><strong>\u00a0<\/strong><\/p>\n<p><strong>Efter n\u00e5gra veckor<\/strong><\/p>\n<blockquote><p><strong>M E M O R A N D U M<\/strong><\/p>\n<p><strong>Efter dryga 3 veckors tj\u00e4nst p\u00e5 FJS har vi v\u00e4l alla flera episoder, som vi lagt p\u00e5 minnet och aldrig gl\u00f6mmer. Ja, det har varit \u00e4n det ena \u00e4n det andra, som chockerat oss och kanske framkallat en viss f\u00f6rv\u00e5ning och missmod hos vissa.<\/strong><\/p>\n<p><strong>Vi minns v\u00e4l redan f\u00f6rsta dagen hur det var, bef\u00e4len gapade och gav order \u00e5t oss en samling nyinryckta sn\u00e4lla svenskar, som minst av allt var vana vid att folk gav order. Mitt i f\u00f6rvirringen blev vi kommenderade att h\u00e4mta v\u00e5r utrustning. Den bestod, som v\u00e4l alla vid det h\u00e4r laget k\u00e4nner till, av en massa sm\u00f6rja, som bara tog en f\u00f6rbaskad plats i sk\u00e5pet.<\/strong><\/p>\n<p><strong>P\u00e5 kv\u00e4llen skulle alla <span style=\"text-decoration: underline;\">sova<\/span> kl. 23.00, och p\u00e5 morgonen fick vi, stackars satar, knalla upp redan kl. 5.45.<\/strong><\/p>\n<p><strong>Detta var f\u00f6r m\u00e5nga rena kallduschen och ett flertal av oss l\u00e4ngtade hem redan andra dagen.<\/strong><\/p>\n<p><strong>N\u00e5got som inte lindrade heml\u00e4ngtan precis , var att vi fick order om h\u00e5rklippning. Visserligen k\u00e4nde v\u00e4l alla till FJS:s traditionsenliga best\u00e4mmelse, men att h\u00e5ret skulle vara s\u00e5 kort som v\u00e5r fris\u00f6r, i \u00f6verensst\u00e4mmelse med FJS:s ledning ans\u00e5g, visste vi inte.<\/strong><\/p>\n<p><strong>Man k\u00e4nde ju sig naken n\u00e4r man, med m\u00f6ssan l\u00e5ngt nerdragen, gick ner till f\u00f6rl\u00e4ggningen, tyst men ih\u00e4rdigt sv\u00e4rande.<\/strong><\/p>\n<p><strong>Hur det nu \u00e4r, s\u00e5 v\u00e4njer man sig till slut och redan efter n\u00e5gra dagar t\u00e4nkte man v\u00e4l inte s\u00e5 mycket p\u00e5 frisyren. D\u00e5 var det andra saker som vi var tvungna att engagera oss i t.ex. skoputsning. Detta putsande som bara ger skoinnehavaren ett d\u00e5ligt hum\u00f6r och skon m\u00e4rken av slag el. dyl. som framkallas n\u00e4r innehavaren avreagerar sig.<\/strong><\/p>\n<p><strong>I \u00f6vrigt \u00e4r det n\u00f6dv\u00e4ndigt att putsa skor, b\u00e4dda &#8221;strick&#8221;, st\u00e4da och i \u00f6vrigt h\u00e4lsa och uppf\u00f6ra sig som en j\u00e4gare, om man inte vill f\u00e5 straffexerciser p\u00e5 halsen, n\u00e5got som flertalet av oss redan har f\u00e5tt k\u00e4nna p\u00e5. Detta \u00e4r ett mycket smart straff. P\u00e5 detta s\u00e4tt har v\u00e5ra bef\u00e4l lyckats rusta upp f\u00f6rl\u00e4ggningen, inte bara innanf\u00f6r kasern, utan \u00e4ven utanf\u00f6r. Jag kan glatt meddela att det s\u00e4gs att Lt Vemdal snart \u00e4r n\u00f6jd med rabatterna.<\/strong><\/p>\n<p><strong>Det som gl\u00e4djer oss mest, skulle jag tro, \u00e4r att v\u00e5ra till synes om\u00e4nskliga furirer, efter hand har blivit m\u00e4nskligare. Detta \u00e4r ju en viktig faktor, f\u00f6r oss soldater, som ju vill k\u00e4nna en viss gemenskap med bef\u00e4l f\u00f6r att kunna g\u00f6ra det yttersta , av egen fri vilja och inte bli tvingade med &#8221;hugg och slag&#8221;.<\/strong><\/p>\n<p><strong>Till slut skulle jag vilja n\u00e4mna det jag tycker \u00e4r b\u00e4st h\u00e4r p\u00e5 FJS, n\u00e4mligen kamratskapen. Det \u00e4r den viktigaste faktorn, och den finns, resten beror p\u00e5 viljan, och den har vi v\u00e4l?<\/strong><\/p>\n<p><strong>\/239 Aspemar\/\u00a0\u00a0\u00a0\u00a0\u00a0\u00a0\u00a0\u00a0\u00a0\u00a0\u00a0 ur \u00d6rnen nr.54, sommaren 1970<\/strong><\/p><\/blockquote>\n<p><strong><img loading=\"lazy\" decoding=\"async\" class=\"alignnone size-full wp-image-1479\" title=\"Teckning ur \u00d6rnen av Nille\" src=\"http:\/\/www.fjs1970.se\/wp-content\/uploads\/2009\/06\/Till-Memorandum01.jpg\" alt=\"\" width=\"512\" height=\"234\" srcset=\"https:\/\/www.fjs1970.se\/wp-content\/uploads\/2009\/06\/Till-Memorandum01.jpg 640w, https:\/\/www.fjs1970.se\/wp-content\/uploads\/2009\/06\/Till-Memorandum01-300x137.jpg 300w\" sizes=\"auto, (max-width: 512px) 100vw, 512px\" \/>\u00a0<\/strong><\/p>\n<p><strong>.<\/strong><\/p>\n<p><strong>Sommaren och h\u00f6sten i Karlsborg<\/strong><\/p>\n<blockquote><p><strong>KR\u00d6NIKA<\/strong><\/p>\n<p><strong>Den sena inryckningen &#8211; den 1 juni i \u00e5r mot mitten av mars f\u00f6r tidigare \u00e5rsklasser &#8211; gjorde att vi kom ig\u00e5ng med j\u00e4gartj\u00e4nsten och hoppningen f\u00f6rst efter midsommar. Vi kunde d\u00e4rf\u00f6r inte dela ut \u00f6rnarna till FJS-dag, men bra n\u00e4ra &#8211; 1 sept. begicks \u00f6rnhoppet p\u00e5 Store mosse och n\u00e5gra dagar senare satt \u00f6rnarna &#8221;p\u00e5 den plats p\u00e5 vapenrocken varunder hj\u00e4rtat klappar&#8221;.<\/strong><\/p>\n<p><strong>F\u00f6rh\u00e5llandet att fallsk\u00e4rmsj\u00e4garna f\u00e5tt kortare utbildningstid har utan tvivel satt en viss pr\u00e4gel p\u00e5 skolan. N\u00e5gon s\u00e4nkt utbildningsstandard har vi inte accepterat. Verksamhetspulsen \u00e4r d\u00e4rf\u00f6r h\u00f6g. Tack vare en h\u00e5rd satsning av alla parter tror vi att vi ska lyckas. Ja, vi kan nog utan \u00f6verdrift s\u00e4ga att vi p\u00e5 en del viktiga punkter t.o.m. ligger f\u00f6re programmet.<\/strong><\/p>\n<p><strong>F\u00f6r den skull f\u00f6rsm\u00e5r vi inte gamla traditionella \u00f6verraskningar och trevliga avbrott, s\u00e5som plutonchefselevernas dop och skolchefens f\u00f6rsta inspektion, som slutade med en m\u00e5nskensf\u00e4rd med S\/S Motala Express p\u00e5 V\u00e4ttern.<\/strong><\/p>\n<p><strong>P\u00e5 sommaruppeh\u00e5llet deltog som vanligt &#8221;halva skolan&#8221; i internationella 5-dagarsorienteringen. Fallsk\u00e4rmsj\u00e4gare Arne Johansson fr\u00e5n Falk\u00f6ping ordnade en komfortabel seger i juniorklassen och gjorde sedan , tillsammans med Haraldsson fr\u00e5n Norrk\u00f6ping och andra raska j\u00e4gare, rent hus p\u00e5 svenska m\u00e4sterskapen m.fl. stort\u00e4vlingar.<\/strong><\/p>\n<p><strong>Augusti m\u00e5nad var fullproppad med notabla h\u00e4ndelser. Under m\u00e5nadens f\u00f6rsta veckor hade vi en praktikantkurs f\u00f6r trettiotalet entusiastiska gymnasister. S\u00e5 var det dags f\u00f6r Fallsk\u00e4rmsj\u00e4garnas dag, som efter fjol\u00e5rets samg\u00e5ende med S2, nu \u00e5ter arrangerades i den gamla goda stilen. V\u00e4dret var str\u00e5lande. Alltifr\u00e5n l\u00f6rdagsmorgonens stora motionst\u00e4vling (omkr. 400 deltagare) till sista valsen p\u00e5 s\u00f6ndagskv\u00e4llen kryllade det av folk hemma i l\u00e4gret. Ute p\u00e5 Flugebyn var det inte l\u00e5ngt fr\u00e5n femsiffrigt antal \u00e5sk\u00e5dare. Kamratklubbens \u00e5rsm\u00f6te har aldrig tidigare varit s\u00e5 v\u00e4lbes\u00f6kt och tack vare Hercules kunde alla m\u00f6tesdeltagare f\u00e5 se Karlsborg fr\u00e5n ovan under l\u00f6rdagskv\u00e4llens vattenhopp.<\/strong><\/p>\n<p><strong>Under h\u00f6stens f\u00e4lttj\u00e4nst\u00f6vningar fick vi vara raska i v\u00e4ndningarna f\u00f6r fienden (som fick p\u00e5 n\u00f6ten) fanns b\u00e5de i Blekinge, Halland och V\u00e4stmanland. Vid sistn\u00e4mnda tillf\u00e4lle fick vi hj\u00e4lp av en tropp gamla fallsk\u00e4rmsj\u00e4gare, som liksom i fjol, inom FBU:s ram, kl\u00e4tt sig i krigarkl\u00e4der. (N\u00e4sta \u00e5r beh\u00f6ver vi s\u00e5dan hj\u00e4lp ocks\u00e5 i Sk\u00e5ne och Norrbotten, upp och hoppa gamla j\u00e4gare!).<\/strong><\/p>\n<p><strong>V\u00e5r egen f\u00e4lttj\u00e4nst\u00f6vning &#8211; j\u00e4garveckan &#8211; som h\u00f6lls f\u00f6rsta veckan i dec. i triangeln Sk\u00f6vde-T\u00f6reboda-Karlsborg &#8211; blev ett gott slutprov p\u00e5 barmarksutbildningen. Dock har vi s\u00e4llan haft s\u00e5 lite sn\u00f6 och s\u00e5 lite minusgrader.<\/strong><\/p>\n<p><strong>Serien av uppvisningar och sam\u00f6vningar har varit omfattande. \u00d6ver hela landet (n\u00e5ja n\u00e4stan) har frittfall specialister, troppar och plutoner, samlat goda erfarenheter och, som vi hoppas och tror, spritt god PR f\u00f6r Krigsmakten och FJS. Ska n\u00e5gra speciella tillf\u00e4llen n\u00e4mnas s\u00e5 \u00e4r det v\u00e4l Kalix, S\u00f6derhamn och Kvarn (infanteriets krigsskola, d\u00e4r m\u00e5nga av Krigsmaktens allra m\u00e4ktigaste var \u00e5sk\u00e5dare). Krigsskolans och FJS gemensamma fria-krigetvecka i S\u00f6rmland ska heller inte gl\u00f6mmas.<\/strong><\/p>\n<p><strong>Vad var en s\u00e4song utan bes\u00f6k. Milit\u00e4rattach\u00e9er, milit\u00e4rbef\u00e4lhavare och intresserade av n\u00e5got l\u00e4gre kaliber har sett till att denna kr\u00f6nika blivit komplett \u00e4ven i detta avseende.<\/strong><\/p>\n<p><strong>Str\u00f6mmen av FJS:are till andra l\u00e4nders j\u00e4gare har varit strid. Har inte konungen sl\u00e4ppt till pengar har bes\u00f6ken skett med egna medel. &#8221;LJK&#8221; (finska FJS) har g\u00e4stats i tv\u00e5 omg\u00e5ngar likas\u00e5 &#8221;HFJS&#8221; (norska FJS) d\u00e4r \u00e5rets nordiska kamrattr\u00e4ff h\u00f6lls och d\u00e4r &#8221;syrgasrekordet&#8221; slogs (se s\u00e4rskild artickel). Danmark och Jugoslavien bes\u00f6ktes i samband med deltagande i NM (med seger f\u00f6r v\u00e5r chefsinstrukt\u00f6r) resp. VM i fallsk\u00e4rmshopp.<\/strong><\/p>\n<p><strong>F\u00f6rs\u00f6ksverksamheten \u00e4r som vanligt omfattande. Under h\u00f6sten har ins\u00e4nts en diger lunta om fallsk\u00e4rmshoppning i allm\u00e4nhet och fritt-fall-dito i synnerhet. Andra f\u00f6rs\u00f6ksobjekt \u00e4r radioapparater, f\u00e4llningsfyrar, t\u00e4lt, sjukv\u00e5rdsutrustning och mycket mera. Str\u00f6mmen av &#8221;utrustningsgubbar&#8221; fr\u00e5n staberna i Kungl. huvudstaden \u00e4r gl\u00e4djande, det \u00e4r ju &#8221;ute i busken&#8221; som prylarna ska ses och pr\u00f6vas. Vi f\u00e5r heller inte gl\u00f6mma F\u00f6rsvarets materielverk, som i samarbete med v\u00e5r tekniska avdelning, kastar ut tunga grejor som ammunition, drivmedel, bandvagnar o.dyl. fr\u00e5n b\u00e5de normal h\u00f6jd och l\u00e4gsta h\u00f6jd dvs 2 \u00e1 3m. Byggnadsfronten \u00e4r som f\u00f6rut, dvs ett sorgligt kapitel. I mitten av 70-talet ber\u00e4knas vi flytta in i f\u00e4stningens &#8221;slutv\u00e4rn&#8221;, som ska b\u00f6rja repareras n\u00e4sta h\u00f6st. Som alla vet \u00f6nskar vi ist\u00e4llet f\u00e5 rusta upp gamla Garnisonssjukhuset. Kungen sl\u00e4pper dock inte till pengar till detta projekt varf\u00f6r det g\u00e4ller f\u00f6r gamla FJS:are att skjuta till en halv milj. G\u00f6r det!! Helt nere ligger dock inte byggnadsverksamheten hos oss. Tornet ute p\u00e5 Flugebyn \u00e4r nu komplett, f.d. &#8221;gula baracken&#8221; har f\u00e5tt en tillbyggnad som d\u00f6ljer \u00f6vningsmateriel och skr\u00e4p, stora bryggan har f\u00e5tt en ansiktslyftning och ett nytt simhoppstorn, n\u00e5gra logement har m\u00e5lats av sjukskrivna och slutligen har de gamla fula badhusen plockats bort av riv- och spr\u00e4ngglada j\u00e4gare.<\/strong><\/p>\n<p><strong>&#8221;Max&#8221; ur \u00d6rnen nr.55, Julnummret 1970<\/strong><\/p><\/blockquote>\n<p><strong>\u00a0<\/strong><\/p>\n<p><strong>Vintern i Kiruna &#8211; \u00c5ter Karlsborg efter p\u00e5sk\u00a0&#8211; H\u00f6gvakten &#8211; Muck<\/strong><\/p>\n<blockquote><p><strong>KR\u00d6NIKA<\/strong><\/p>\n<p><strong>Det h\u00e4nder mycket p\u00e5 FJS f\u00f6r verksamhetspulsen \u00e4r alltid h\u00f6g. Det g\u00e5ngna halv\u00e5ret sen f\u00f6rra kr\u00f6nikan utg\u00f6r inget <\/strong><strong>undantag. H\u00e4r n\u00e5gra axplock.<\/strong><\/p>\n<p><strong>Vinterutbildningen var liksom i fjol f\u00f6rlagd till Kiruna d\u00e4r F\u00f6rsvarsomr\u00e5desstaben och J\u00e4garskolan var gener\u00f6sa <\/strong><strong>v\u00e4rdar. Goda f\u00f6rl\u00e4ggnings- och \u00f6vningsf\u00f6rh\u00e5llanden gjorde tiden l\u00e4ttsam och l\u00e4rorik f\u00f6r oss alla. F\u00f6rh\u00e5llandet till <\/strong><strong>civilbefolkningen &#8211; inte minst det t\u00e4cka k\u00f6net &#8211; var utomordentligt gott, efterm\u00e4lena fr\u00e5n stadens krogar och <\/strong><strong>sportarenor hedersamma. V\u00e4dret v\u00e4xlade mellan nollgradigt bl\u00e5sv\u00e4der och 35-gradig kyla, allt passade in perfekt i <\/strong><strong>v\u00e5r utbildningsplan. Tv\u00e4rt emot vad som var fallet i \u00e5terstoden av riket hade vi fullt tillr\u00e4ckligt av den vita <\/strong><strong>varan \u00e4ven om inf\u00f6dingarna klagade en smula. Acklimatiseringen gick ovanligt sm\u00e4rtfritt, det fanns faktiskt dagar d\u00e5 <\/strong><strong>sjukhuset ringde och fr\u00e5gade om vi verkligen fanns kvar i Kiruna. Under helgerna hann gossarna att se Karesuando, <\/strong><strong>Pajala, Narvik, lappmarknaden i Jockmokk, turiststationerna i fj\u00e4llen och givetvis gruvan.<\/strong><\/p>\n<p><strong>Som vanligt hade vi en samling friska &#8221;repgubbar&#8221;inne. P\u00e5 grund av konflikthotet p\u00e5 arbetsmarknaden kom endast <\/strong><strong>bef\u00e4lskadrarna in. Dom rastades nu desto effektivare av herrar \u00d6sterblom, K\u00e4ck och Renstr\u00f6m. P\u00e5 expeditionssidan <\/strong><strong>gick programbudgeteringen f\u00f6r h\u00f6gtryck och remisser i l\u00e5nga banor besvarades. P\u00e5 f\u00f6rs\u00f6kssidan provades nya materiel. <\/strong><strong>Kompaniets \u00f6vningar dominerades av f\u00f6rberedelser f\u00f6r och genomf\u00f6rande av Milit\u00e4rbef\u00e4lhavarens underr\u00e4ttelse\u00f6vning i <\/strong><strong>trakten av Kalix-Haparanda. Generalen Arne Mohlin kollade sj\u00e4lv upp l\u00e4get vid ett flertal tillf\u00e4llen och hans <\/strong><strong>handg\u00e5ngne man Kapten O. T\u00f6rnqvist och medhj\u00e4lparen Kapten L. Hjulstr\u00f6m var allest\u00e4des n\u00e4rvarande. Komp. huvuddel <\/strong><strong>var ute en l\u00e4ngre tid d\u00e4r avslutningen utgjordes av lyckade brospr\u00e4ngningar i Bj\u00f6rkfors och Nikkala.<\/strong><\/p>\n<p><strong>L\u00f6jtnant J. Sp\u00e5ng och hans st\u00e5lm\u00e4n d\u00e4remot levde fredl\u00f6st vildmarksliv under h\u00e5rda strapatser den tredubbla tiden. <\/strong><strong>Sp\u00e5ng och Co fick dock l\u00f6n f\u00f6r m\u00f6dan. F\u00f6rutom tillfredsst\u00e4llelsen att ha gjort en insats vida ut\u00f6ver det alldagliga, <\/strong><strong>av\u00e5ts p\u00e5 hotell Bodensia i Boden en brakmiddag som g\u00e5r till h\u00e4vderna. S\u00e5v\u00e4l ledare som FJS:are var mycket n\u00f6jda med <\/strong><strong>resultaten.<\/strong><\/p>\n<p><strong>Knappt var kompaniet luftlandsatt i Haparandatrakten f\u00f6rr\u00e4n det var dags f\u00f6r fallsk\u00e4rmsinstrukt\u00f6rerna att ta sig an <\/strong><strong>n\u00e4rmare 200 krigsskolekadetter i Karlsborg f\u00f6r att senare ge dem n\u00e5gra mycket uppskattade sn\u00f6hopp i <\/strong><strong>\u00d6stersundstrakten.<\/strong><\/p>\n<p><strong>Traditionsenligt avslutades norrlandsvistelsen med en &#8221;\u00f6demarks\u00f6vning&#8221; i Kebnekaisefj\u00e4llen &#8211; en lagom blandning av <\/strong><strong>\u00f6verlevnadsproblem och rekreation. Liksom tidigare \u00e5r hade en liten extra &#8221;fj\u00e4rde pluton&#8221; av gamla sp\u00e4nstiga <\/strong><strong>vikingar anslutit till oss. B\u00e4ste soldat vpl Stephan Liedberg och b\u00e4ste idrottsman (2st oskiljaktiga) \u00f6fu Rolf <\/strong><strong>Bj\u00f6rklund och vpl Arne Johansson (meriter se idrottssidorna) fick sina v\u00e4lf\u00f6rtj\u00e4nta plaketter uppe p\u00e5 Kebnekaise i <\/strong><strong>\u00e4kta j\u00e4garv\u00e4der &#8211; sn\u00f6 och 15-20 sekundmeter.<\/strong><\/p>\n<p><strong>Efter en v\u00e4lbeh\u00f6vlig p\u00e5skvila drog vi s\u00e5 ig\u00e5ng slipstenen f\u00f6r slutspurten nere i Karlsborg. Mycket skulle <\/strong><strong>kompletteras i sista stund &#8211; inte minst h\u00f6gvakttj\u00e4nsten, som till\u00e4mpades p\u00e5 riktigt sista helgen i april. Bocken <\/strong><strong>Gustav, numera lugn och stadgad gentleman, fick av k\u00e4nda sk\u00e4l inte vara med i \u00e5r heller. \u00c5rskullens avskedsfest <\/strong><strong>h\u00f6lls fullt st\u00e5ndsm\u00e4ssigt omedelbart efter vaktavg\u00e5ngen p\u00e5 flotta Hotell Strand i Kungl. Huvudstaden. N\u00e5gon <\/strong><strong>l\u00e5ngrandig avrustning hann det sedan inte att bli f\u00f6r sista hoppet gjordes dagen f\u00f6re utryckningen den 29 april.<\/strong><\/p>\n<p><strong>Kvar var nu endast plutonschefsskolan p\u00e5 24 man. N\u00e5got st\u00f6rre lugn kom dock inte att h\u00e4rska i l\u00e4gret f\u00f6r under <\/strong><strong>maj-juni genomf\u00f6rdes en mycket lyckad bef\u00e4lskurs (A-31), med ett tjugotal bef\u00e4l fr\u00e5n arm\u00e9n och med inslag fr\u00e5n <\/strong><strong>marinen.<\/strong><\/p>\n<p><strong>Floran av uppvisningar och sam\u00f6vningar har varit rik. Verksamheten har omfattat hela riket fr\u00e5n sk\u00e5nska Ravlunda i <\/strong><strong>s\u00f6der till Kiruna i norr. Diverse g\u00e4ster fr\u00e5n utlandet, Kustj\u00e4garna och andra f\u00f6rband svarar f\u00f6r att kr\u00f6nikan blir <\/strong><strong>komplett \u00e4ven p\u00e5 detta omr\u00e5de.<\/strong><\/p>\n<p><strong>P\u00e5 byggnadsfronten intet nytt, dvs l\u00e4get \u00e4r sorgligt. Om intet of\u00f6rutsett intr\u00e4ffar \u00e4r det ju meningen att skolan <\/strong><strong>ska flytta in i \u00f6stligaste delen av &#8221;Slutv\u00e4rnet&#8221;, om och n\u00e4r detta blir f\u00e4rdigreparerat i mitten av 70-talet (Ack &#8211; <\/strong><strong>ja! T\u00e4nk om gamla Garnisonssjukhuset &#8212;&#8212;). I v\u00e4ntan p\u00e5 detta sm\u00e5fuskar vi i egen regi med m\u00e5lning i logementen. <\/strong><strong>S\u00e5 har vi efter mycket om och men under rustm Bergenlands ledning flyttat en barack fr\u00e5n f\u00e4stningen ut till <\/strong><strong>Flugebyn. Och just nu kommer ett gl\u00e4djande meddelande. Milbef st\u00e4ller 30.000 kronor till disposition f\u00f6r <\/strong><strong>reparationer av plutonskasernerna. Vi lovar att inte p\u00e5 n\u00e5got vis l\u00e4gga hinder i v\u00e4gen f\u00f6r det.<\/strong><\/p>\n<p><strong>Max\u00a0\u00a0\u00a0\u00a0\u00a0\u00a0\u00a0\u00a0\u00a0\u00a0\u00a0\u00a0\u00a0 ur \u00d6rnen nr.56, sommaren 1971<\/strong><\/p><\/blockquote>\n<p>\u00a0<\/p>\n<p><strong>Utryckning 1971<\/strong><\/p>\n<blockquote><p><strong>ETT \u00c5R SOM FALLSK\u00c4RMSJ\u00c4GARE<br \/>\n&#8211; av Peter Aspemar-<\/strong><\/p>\n<p><strong>\u00c5ter igen har l\u00e4gret i Karlsborg fyllts av f\u00f6rv\u00e4ntansfulla ynglingar. F\u00f6r ett \u00e5r sedan upplevde jag precis det samma som ni har och kommer att f\u00e5 uppleva. Den obligatoriska h\u00e5rklippningen, j\u00e4garglansen p\u00e5 skorna, st\u00e4dningen av logement, furirskr\u00e4ck o s v i all o\u00e4ndlighet. Det \u00e4r h\u00e5rda bud, j\u00e4kligt m\u00e5nga g\u00e5nger, men har man viljan och \u00e4r seg som attan s\u00e5 ordnar sig allt till sist.<br \/>\nAntagligen g\u00e5r ni, precis som vi, och funderar p\u00e5 hur det ska bli att hoppa fallsk\u00e4rm. Det \u00e4r v\u00e4l, f\u00f6r de flesta, hoppningen som har avgjort att ni s\u00f6kt till FJS. M\u00e5nga \u00e4r v\u00e4l lite skraja och det \u00e4r kanske inte s\u00e5 lustigt. Ni ska veta att ni har inget att vara oroliga f\u00f6r, med den 100-procentiga \u00f6verinl\u00e4rning och tr\u00e4ning som ni f\u00e5r s\u00e5 sker alla \u00e5tg\u00e4rder n\u00e4stan instinktivt.<br \/>\nN\u00e5got som man under utbildningen kanske tycker \u00e4r tr\u00e5kigt, men som man efter\u00e5t kanske kommer ih\u00e5g som de roligaste upplevelserna, \u00e4r dygns\u00f6vningarna. Tidiga mornar, uttransport med flyg eller lastbil, l\u00e5nga marscher, strider med fienden o s v. M\u00e5nga g\u00e5nger har man stor lust att ge tusan i allting men allting har ett slut, och \u00e4ven dessa dygn slutar n\u00e5gon g\u00e5ng och det \u00e4r kanske mest d\u00e5 man k\u00e4nner en stor tillfredst\u00e4llelse \u00f6ver sig sj\u00e4lv.<br \/>\n\u00c5ret g\u00e5r och snart \u00e4r ni framme vid j\u00e4garveckan. Denna vecka, som ska vara en utbildningskontroll, \u00e4r kanske ett av de h\u00e5rdaste proven ni st\u00e4lls inf\u00f6r. Med inslag av allt ni \u00f6vat under den g\u00e5ngna tiden och lite till. Det v\u00e4rsta med j\u00e4garveckan \u00e4r att fast det kanske \u00e4r 10 grader kallt och ett par dm sn\u00f6 s\u00e5 har man inget annat \u00e4n sommarutrustning.<br \/>\nS\u00e5 helt pl\u00f6tsligt kommer vintern. Man kan inte ta ett steg utan att det blir sp\u00e5r efter en och man f\u00e5r uts\u00e4tta sig f\u00f6r stora temperaturskillnader. Ena minuten svettas man, andra s\u00e5 fryser man s\u00e5 man skakar. Det \u00e4r lite knepigt att h\u00e5lla en s\u00e5 konstant temperatur som m\u00f6jligt , men bara man inte sitter still s\u00e5 klarar man sig ganska bra.<br \/>\nDagarna g\u00e5r och snart blir det v\u00e5r i luften. M\u00e5ttbanden blir bara kortare och kortare. Snart \u00e4r det muck. Man m\u00e4rker att man blir lite slappare och snacket handlar mest om vad man ska g\u00f6ra efter muck.<br \/>\nS\u00e5 en dag blir man civil och person igen. Allt l\u00e4mnas in, b\u00f6ssan, k\u00e4ngorna som man s\u00e5 v\u00e4l k\u00e4nner igen b\u00e5de p\u00e5 utsidorna och insidorna, ryggs\u00e4cken, j\u00e4gark\u00f6ket, ja allt ihop. N\u00e4r man tar farv\u00e4l av kompisarna och bef\u00e4len tycker nog alla att det k\u00e4nns lite vemodigt. Under ett \u00e5r har man levt och k\u00e4mpat ihop och den kamratskapen som kommer till under s\u00e5dana f\u00f6rh\u00e5llanden, den blir n\u00e5got alldeles extra. Men det \u00e4r inte bara kamratskapen som blir n\u00e5got extra p\u00e5 FJS, utan man f\u00f6r\u00e4ndras \u00e4ven p\u00e5 andra s\u00e4tt, som ni snart kommer att m\u00e4rka, eller redan har m\u00e4rkt.<\/strong><\/p>\n<p><strong>ur \u00d6rnen nr. 56, sommaren 1971<\/strong>\u00a0<\/p><\/blockquote>\n<blockquote><p><strong>Chefen har ordet<\/strong><\/p>\n<p><strong>Fallsk\u00e4rmsj\u00e4garskolan \u00e4r en sj\u00e4lvklar kugge i krigsmakten, den krigsmakt som \u00e4r ett medel f\u00f6r att n\u00e5 det stora\u00a0m\u00e5let &#8211; svenska folkets frihet att f\u00e5 leva i fred.<\/strong><\/p>\n<p><strong>Visst \u00e4r kvaliteten och m\u00e4ngden p\u00e5 krigsmaterielen vi skaffar av stor betydelse men viktigare \u00e4r emellertid den uppfattning omv\u00e4rlden f\u00e5r\u00a0om v\u00e5r vilja\u00a0och f\u00f6rm\u00e5ga att utnyttja de resurser vi har.<\/strong><\/p>\n<p><strong>En av f\u00f6ruts\u00e4ttningarna f\u00f6r att krigsmakten skall fungera \u00e4r en god underr\u00e4ttelsetj\u00e4nst. Dess betydelse tenderar att \u00f6ka. Vi m\u00e5ste ocks\u00e5 till det yttersta utnyttja f\u00f6rdelarna av att strida i eget land. I detta ing\u00e5r striden p\u00e5 djupet av angriparens gruppering &#8211; fria kriget &#8211; som en mycket viktig del. V\u00e5ra reglementen framh\u00e5ller att fria kriget st\u00e4ller h\u00e5rda krav p\u00e5 f\u00f6rbanden och att fr\u00e4mst j\u00e4garf\u00f6rband skall anv\u00e4ndas f\u00f6r denna verksamhet.<\/strong><\/p>\n<p><strong>Fallsk\u00e4rmsj\u00e4garna \u00e4r h\u00e4r en naturlig spjutspets b\u00e5de p\u00e5 underr\u00e4ttelsesidan och i fria kriget.<\/strong><\/p>\n<p><strong>Snart 20 \u00e5rskullar goda fallsk\u00e4rmsj\u00e4gare har utbildats. M\u00e5ngen gammal j\u00e4gare har undrat om dagens baskerb\u00e4rare har samma kvalitet som de gamla goda \u00e5rg\u00e5ngarna.\u00a0 Fr\u00e5gan r\u00f6jer ett varmt intresse f\u00f6r skolan men ocks\u00e5 en undran om &#8221;v\u00e4lf\u00e4rdssamh\u00e4llets&#8221; avigsidor satt sina sp\u00e5r \u00e4ven vid FJS.<\/strong><\/p>\n<p><strong>Lugn mina l\u00e4sare. Visserligen \u00e4r den genomsnittliga fysiska konditionen vid inryckningen kanske n\u00e5got l\u00e4gre \u00e4n i b\u00f6rjan av 50-talet men efter n\u00e5gra veckor \u00e4r allt som fordomdags betr\u00e4ffande &#8221;vilja, mod och uth\u00e5llighet&#8221;. Och vad g\u00e4ller den nyligen utryckta \u00e5rskullen har jag och de bef\u00e4lskamrater, som varit med fr\u00e5n f\u00f6rsta b\u00f6rjan, klart konstaterat att den var av allra h\u00f6gsta klass &#8211; kanske rent av den b\u00e4sta som n\u00e5gonsin utbildats.<\/strong><\/p>\n<p><strong>Skolchef Magnus Eriksson ur \u00d6rnen nr.56, sommaren 1971<\/strong><\/p><\/blockquote>\n<p>\u00a0<\/p>\n<div id=\"attachment_1487\" style=\"width: 619px\" class=\"wp-caption alignnone\"><img loading=\"lazy\" decoding=\"async\" aria-describedby=\"caption-attachment-1487\" class=\"size-full wp-image-1487\" title=\"Skolchef major Magnus Eriksson\" src=\"http:\/\/www.fjs1970.se\/wp-content\/uploads\/2009\/06\/Magnus-Eriksson.jpg\" alt=\"Skolchef major Magnus Eriksson\" width=\"609\" height=\"375\" srcset=\"https:\/\/www.fjs1970.se\/wp-content\/uploads\/2009\/06\/Magnus-Eriksson.jpg 609w, https:\/\/www.fjs1970.se\/wp-content\/uploads\/2009\/06\/Magnus-Eriksson-300x184.jpg 300w\" sizes=\"auto, (max-width: 609px) 100vw, 609px\" \/><p id=\"caption-attachment-1487\" class=\"wp-caption-text\">Skolchef major Magnus Eriksson<\/p><\/div>\n","protected":false},"excerpt":{"rendered":"<p>\u00a0 \u00a0\u00a0\u00a0\u00a0 -Vilja, Mod och Uth\u00e5llighet- \u00a0 Inryckning i juni 1970 Fr\u00e5n och med i \u00e5r sker inryckningen i b\u00f6rjan av juni, vilket inneb\u00e4r en l\u00e4nge efterstr\u00e4vad anpassning till det civila skol\u00e5ret.\u00a0 Den nya \u00e5ldersklassen har fr\u00e5n inskrivningarna, gl\u00e4djande nog, ovanligt h\u00f6ga testv\u00e4rden &#8221;b\u00e5de p\u00e5 huvudets och benens v\u00e4gnar&#8221;. Detta och det v\u00e4lk\u00e4nda valspr\u00e5ket &#8221;f\u00f6r [&hellip;]<\/p>\n","protected":false},"author":1,"featured_media":0,"parent":0,"menu_order":4,"comment_status":"closed","ping_status":"closed","template":"","meta":{"footnotes":""},"class_list":["post-2","page","type-page","status-publish","hentry"],"_links":{"self":[{"href":"https:\/\/www.fjs1970.se\/index.php?rest_route=\/wp\/v2\/pages\/2","targetHints":{"allow":["GET"]}}],"collection":[{"href":"https:\/\/www.fjs1970.se\/index.php?rest_route=\/wp\/v2\/pages"}],"about":[{"href":"https:\/\/www.fjs1970.se\/index.php?rest_route=\/wp\/v2\/types\/page"}],"author":[{"embeddable":true,"href":"https:\/\/www.fjs1970.se\/index.php?rest_route=\/wp\/v2\/users\/1"}],"replies":[{"embeddable":true,"href":"https:\/\/www.fjs1970.se\/index.php?rest_route=%2Fwp%2Fv2%2Fcomments&post=2"}],"version-history":[{"count":125,"href":"https:\/\/www.fjs1970.se\/index.php?rest_route=\/wp\/v2\/pages\/2\/revisions"}],"predecessor-version":[{"id":35,"href":"https:\/\/www.fjs1970.se\/index.php?rest_route=\/wp\/v2\/pages\/2\/revisions\/35"}],"wp:attachment":[{"href":"https:\/\/www.fjs1970.se\/index.php?rest_route=%2Fwp%2Fv2%2Fmedia&parent=2"}],"curies":[{"name":"wp","href":"https:\/\/api.w.org\/{rel}","templated":true}]}}