{"id":115,"date":"2009-12-18T14:53:19","date_gmt":"2009-12-18T13:53:19","guid":{"rendered":"http:\/\/www.fjs1970.se\/?page_id=115"},"modified":"2013-03-14T12:49:59","modified_gmt":"2013-03-14T11:49:59","slug":"fjs-dag-2008","status":"publish","type":"page","link":"https:\/\/www.fjs1970.se\/?page_id=115","title":{"rendered":"FJS-dag 2008"},"content":{"rendered":"<div><strong> <img loading=\"lazy\" decoding=\"async\" class=\"alignnone size-full wp-image-802\" title=\"m\u00e4rket \u00f6rnen\" alt=\"\" src=\"http:\/\/www.fjs1970.se\/wp-content\/uploads\/2009\/12\/fjs_m601.jpg\" width=\"65\" height=\"38\" \/><\/strong><\/div>\n<div><\/div>\n<h5><strong> &#8221;<\/strong><strong>En m\u00e4rkligt go k\u00e4nsla&#8221;<\/strong><strong> <\/strong><strong> <\/strong><strong> <\/strong><\/h5>\n<div><strong> <img loading=\"lazy\" decoding=\"async\" class=\"alignnone size-full wp-image-1961\" title=\"FJS-dag 2008 gruppen p\u00e5 F6\" alt=\"\" src=\"http:\/\/www.fjs1970.se\/wp-content\/uploads\/2010\/01\/FJS-dag-2008-gruppen.jpg\" width=\"576\" height=\"383\" srcset=\"https:\/\/www.fjs1970.se\/wp-content\/uploads\/2010\/01\/FJS-dag-2008-gruppen.jpg 640w, https:\/\/www.fjs1970.se\/wp-content\/uploads\/2010\/01\/FJS-dag-2008-gruppen-300x199.jpg 300w\" sizes=\"auto, (max-width: 576px) 100vw, 576px\" \/><\/strong><\/div>\n<div><\/div>\n<div><\/div>\n<blockquote><p><strong> Hej p\u00e5 er alla<\/strong><\/p>\n<p><strong>Det blev en &#8221;m\u00e4rkligt go k\u00e4nsla&#8221; n\u00e4r vi m\u00f6ttes efter 38 \u00e5r.<\/strong><\/p>\n<p><strong>Jag kan inte beskriva det, men man inser \u00e4nnu en g\u00e5ng att \u00e5ret p\u00e5 FJS har satt sp\u00e5r som aldrig f\u00f6rsvinner. Det tar inte m\u00e5nga minuter f\u00f6rr\u00e4n de hj\u00e4rtliga skratten ekar och det k\u00e4nns som om vi skijdes \u00e5t ig\u00e5r. Mycket ljug, galna och gl\u00f6mda minnen &#8221;poppar&#8221; fram. Tack alla f\u00f6r en trevlig kv\u00e4ll i Karlsborg.<\/strong><\/p>\n<p><strong>Nu siktar vi fram\u00e5t och f\u00f6rs\u00f6ker n\u00e5 \u00e4nnu fler \u00e5r 2010 p\u00e5 40-\u00e5rs jubileet.<\/strong><\/p>\n<p><strong>320 Eriksson, Cenneth \u00e4r gemensam samordnare f\u00f6r kompaniet till jubileet. Han n\u00e5s p\u00e5 e-postadressen fjs70-71@telia.com Jag har s\u00e4nt en kopia p\u00e5 min adress-list till honom. Naturligtvis hj\u00e4lper vi Cenneth s\u00e5 vi f\u00e5r ett trevligt jubileum och dessutom st\u00f6rst n\u00e4rvaro fr\u00e5n v\u00e5r pluton. \u00c5rets 40-\u00e5rs jubilarer s\u00e5g ut att totalt vara ca. 50 st s\u00e5 d\u00e4r har vi lite att bita i. &#8221;De bl\u00e5 j\u00e4vlarna&#8221; har ju alltid varit b\u00e4st s\u00e5 tillsammans ser vi till att traditionen f\u00f6ljs. \u00c5lderm\u00e4nnen p\u00e5 f\u00f6rsta luckan hade i \u00e5r 5 n\u00e4rvarande av 7. Sl\u00e5 det den lucka som kan&#8230;&#8230; ( f\u00f6rsta luckan vann ju n\u00e4stan allt ocks\u00e5 \u00e5ren 1970-71 eller&#8230;.)<\/strong><\/p>\n<p><strong>Bifogar n\u00e5gra bilder fr\u00e5n helgen (dessv\u00e4rre tog jag v\u00e4ldigt f\u00e5) men jag hoppas att alla andra som tog bilder skickar ut dom p\u00e5 &#8221;n\u00e4tet&#8221;.<\/strong><\/p>\n<p><strong>Eftersom golf visade sig vara ett gemensamt n\u00f6je f\u00f6r m\u00e5nga kanske vi skulle fixa en golf-t\u00e4vling (lucka mot lucka?) i samband med FJS-dag 2009. Vad tror ni?<\/strong><\/p>\n<p><strong>N\u00e4rvaron vid jubileet \u00e5r 2010 \u00e4r dock viktigast.<\/strong><\/p>\n<p><strong>Mvh<\/strong><\/p>\n<p><strong>Svante<\/strong><\/p>\n<p><strong>(201 Larsson)<\/strong><\/p>\n<p><strong>P.S. Nille. Den d\u00e4r goa historien om Kanalhotellet var v\u00e4l \u00e4nd\u00e5 inte jag inblandad i ? D.S.<\/strong><\/p><\/blockquote>\n<p>&nbsp;<\/p>\n<blockquote><p><span style=\"font-size: 10pt;\"><strong>Hej alla FJS:are! <\/strong><\/span><\/p>\n<p><strong><span style=\"font-size: 10pt;\">Ja, det \u00e4r bara att h\u00e5lla med Svante (201) Larsson. Man inser idag 38 \u00e5r senare att det var ett h\u00e4rligt g\u00e4ng man fick \u00e4ran att k\u00e4mpa tillsammans med b\u00e5de i Karlsborg och Kiruna. Personligen s\u00e5 har jag <\/span><span style=\"font-size: 10pt;\">alltid sett tillbaka p\u00e5 FJS-tiden som en oerh\u00f6rt utvecklande och sp\u00e4nnande fas av mitt liv. Man \u00e4r stolt \u00f6ver att ha klarat av och genomf\u00f6rt den tuffa utbildningen p\u00e5 FJS. N\u00e4r Svante ringde och bj\u00f6d in mig till denna tr\u00e4ff s\u00e5 var jag lite tveksam d\u00e5 jag just d\u00e5 hade (som vi alla har) fullt upp med en massa andra aktiviteter (jag blev morfar till v\u00e5rt 3:e barnbarn, en liten flicka dagen efter tr\u00e4ffen). Men jag \u00e4r glad att jag prioriterade upp denna tr\u00e4ff. S\u00e4lvklart var det lite extra kul att tr\u00e4ffa kompisarna i v\u00e5r grupp (grupp 1 p\u00e5 2:a pluton) som man k\u00e4mpat s\u00e5 h\u00e5rt tillsammans med. Jag saknade bara Jansson och Oppenheim. Jag hoppas f\u00e5 tr\u00e4ffa dom om 2 \u00e5r p\u00e5 40-\u00e5rsjubileet. Det var ocks\u00e5 kul att tr\u00e4ffa \u00f6vriga p\u00e5 kompaniet samt en del av de bef\u00e4l vi hade 70\/71. Man upplevde bef\u00e4len numera mer som kompisar \u00e4n p\u00e5 den tiden d\u00e5 man sj\u00e4lv bara var 20 \u00e5r och upplevde bef\u00e4len som \u00f6verm\u00e4nniskor. <\/span><\/strong><\/p>\n<p><span style=\"font-size: 10pt;\"><strong>Jag hoppas f\u00e5 tr\u00e4ffa s\u00e5 m\u00e5nga som m\u00f6jligt av FJS-\u00e5rg\u00e5ng 70\/71 om 2 \u00e5r och det skulle ocks\u00e5 vara kul om vi f\u00e5r till en liten golft\u00e4vling (kanske i kombination med hinderbana, och d\u00e5 speciellt irl\u00e4ndska bordet och varf\u00f6r inte lite granatkastning). Vi har ju nu alla 2 \u00e5r p\u00e5 oss att tr\u00e4na. <\/strong><\/span><\/p>\n<p><span style=\"font-size: 10pt;\"><strong>Jag vill ocks\u00e5 speciellt tacka Svante f\u00f6r att han tog initiativet till denna tr\u00e4ff. <\/strong><\/span><\/p>\n<p><span style=\"font-size: 10pt;\"><strong>Ha det g\u00f6tt alla s\u00e5 syns vi om 2 \u00e5r. <\/strong><\/span><\/p>\n<p><span style=\"font-size: 10pt;\"><strong>H\u00e4lsningar fr\u00e5n <\/strong><\/span><\/p>\n<p><span style=\"font-size: 10pt;\"><strong>Hasse (207) Larsson <\/strong><\/span><\/p>\n<p><span style=\"font-size: 10pt;\"><strong>P.S. <\/strong><\/span><\/p>\n<p><span style=\"font-size: 10pt;\"><strong>Jag bifogar lite bilder fr\u00e5n tr\u00e4ffen. <\/strong><\/span><\/p>\n<p><span style=\"font-size: 10pt;\"><strong>D.S. <\/strong><\/span><\/p><\/blockquote>\n<p>&nbsp;<\/p>\n<p>&nbsp;<\/p>\n<blockquote><p><strong> <span style=\"font-size: 10pt;\">Hej Svante! <\/span><\/strong><\/p>\n<p><span style=\"font-size: 10pt;\"><strong>Det var en stor f\u00f6rm\u00e5n att f\u00e5 vara med och tr\u00e4ffa delar av den fina \u00e5rsklassen vid FJS 70\/71. Det \u00e4r roligt n\u00e4r n\u00e5gon tar initiativ till en tr\u00e4ff efter s\u00e5 l\u00e5ng tid.M\u00e5nga av oss har s\u00e4kert g\u00e5tt omkring och funderat hur kamraterna har det efter alla \u00e5ren som g\u00e5tt. Fr\u00e5gorna \u00e4r m\u00e5nga och minnena \u00e4r \u00e4n s\u00e5 l\u00e4nge starka. Men med \u00e5ldern finns behov av att \u00e5ter knyta kontakten igen med kamraterna och g\u00e5ngna tiders gemensamma aktiviteter. D\u00e5 \u00e4r det h\u00e4rligt att n\u00e5gon griper sig an och driver p\u00e5. Att s\u00e5 m\u00e5nga var med b\u00e5dar gott f\u00f6r framtida tr\u00e4ffar. Jag ser fram mot 2010. Jag st\u00e4ller nog inte upp p\u00e5 irl\u00e4ndska bordet, men golf kan jag st\u00e4lla upp p\u00e5. <\/strong><\/span><\/p>\n<p><span style=\"font-size: 10pt;\"><strong>Ett varmt tack till dig Svante fr\u00e5n din gamle plutonchef och fallsk\u00e4rmsj\u00e4garkamrat Harry. <\/strong><\/span><\/p>\n<p><span style=\"font-size: 10pt;\"><strong>PS. Jag ska tala med det \u00f6vriga plutonsbef\u00e4let inf\u00f6r 2010. DS. <\/strong><\/span><\/p><\/blockquote>\n<p>&nbsp;<\/p>\n<blockquote><p><span style=\"font-family: 'Times New Roman','serif'; font-size: 11.5pt;\"><strong>Hej Svante! <\/strong><\/span><\/p>\n<p><span style=\"font-family: 'Times New Roman','serif'; font-size: 11.5pt;\"><strong>Du har gjort ett fantastiskt arbete. Helgen blev ett riktigt lyft, ungef\u00e4r som en semesterresa till s\u00f6dra Spanien i januari. <\/strong><\/span><\/p>\n<p><span style=\"font-family: 'Times New Roman','serif'; font-size: 11.5pt;\"><strong>Vi har god tid p\u00e5 oss att fixa till ett roligt program. T\u00e4nk om vi kan f\u00e5 m\u00e5nga att st\u00e5 f\u00f6r ngt inslag\/upptr\u00e4dande. <\/strong><\/span><\/p>\n<p><span style=\"font-family: 'Times New Roman','serif'; font-size: 11.5pt;\"><strong>Det vore skoj om vi kunde tr\u00e4ffas ngn g\u00e5ng fram\u00f6ver. Jag har flexibla arbetstider och kan komma upp\u00e5t i l\u00e4net f\u00f6r en golfrunda exempelvis. <\/strong><\/span><\/p>\n<p><span style=\"font-family: 'Times New Roman','serif'; font-size: 11.5pt;\"><strong>H\u00e4lsn Viljo <\/strong><\/span><\/p><\/blockquote>\n<p>&nbsp;<\/p>\n<blockquote>\n<p style=\"page-break-before: always;\"><span style=\"font-family: 'Times New Roman','serif'; font-size: 10pt;\"><strong>Hej, <\/strong><\/span><\/p>\n<p><span style=\"font-family: 'Times New Roman','serif'; font-size: 10pt;\"><strong>Dags att h\u00f6ra av sig till Er som dragit ig\u00e5ng detta,eftersom jag kom hem fr\u00e5n V\u00e4stkusten just f\u00f6re &#8221;\u00e5terseendets helg&#8221;,s\u00e5 var det inte aktuellt att \u00e5ka ner igen,men inf\u00f6r 2010 kommer jag (om inte f\u00f6rr)! <\/strong><\/span><\/p>\n<p><span style=\"font-family: 'Times New Roman','serif'; font-size: 10pt;\"><strong>Det \u00e4r ju tacksamt f\u00f6r oss som inte var d\u00e4r att se de bilder som Ni &#8221;gamla&#8221;j\u00e4gare bifogat via mail,tiden g\u00e5r ju och vi f\u00f6r\u00e4ndras med den,en del mer andra mindre,s\u00e5 \u00e4r det ju. <\/strong><\/span><\/p>\n<p><span style=\"font-family: 'Times New Roman','serif'; font-size: 10pt;\"><strong>Jag har tr\u00e4ffat en del av Er efter j\u00e4gartiden,mest Nicolaysen,eftersom han tr\u00e4ffade sin fru i Kiruna,och tillbringar en del tid h\u00e4r uppe,\u00d6berg har ocks\u00e5 varit p\u00e5 bes\u00f6k.Sedan har ju en del av bef\u00e4len tj\u00e4nstgjort h\u00e4r bl.a.flyttade ju Kuoppala och Fransson hit upp senare. <\/strong><\/span><\/p>\n<p><span style=\"font-family: 'Times New Roman','serif'; font-size: 10pt;\"><strong>Sj\u00e4lv har jag nog fortsatt med &#8221;j\u00e4garm\u00e4ssiga&#8221; aktiviteter efter &#8221;lumpen&#8221;dvs ett aktivt liv med idrott,,jakt,fiske och friluftsliv i alla former.Eftersom jag har dotter med familj i Ljungskile och min frus syster med familj i Uddevalla s\u00e5 \u00e4r jag n\u00e5gon vecka vid v\u00e4stkusten varje \u00e5r. Jag har \u00e4ven en dotter i V\u00e4sterg\u00f6tland (Gullsp\u00e5ng),s\u00e5 det blir sj\u00e4lvklart att ta v\u00e4gen via Karlsborg 2010!! <\/strong><\/span><\/p>\n<p><span style=\"font-family: 'Times New Roman','serif'; font-size: 10pt;\"><strong>\u00c4ven jag har svingat golfklubbor lite grann,men nu lagt det p\u00e5 sparl\u00e5ga tills vidare,passar nog b\u00e4ttre p\u00e5 skogsstigar och terr\u00e4ngbanor och i skidsp\u00e5ren,k\u00e4nns det som. <\/strong><\/span><\/p>\n<p><span style=\"font-family: 'Times New Roman','serif'; font-size: 10pt;\"><strong>Fast det l\u00e5ter lite frestande att pr\u00f6va om man klarar en &#8221;repa&#8221; p\u00e5 hinderbanan efter 40 \u00e5r(?). <\/strong><\/span><\/p>\n<p><span style=\"font-family: 'Times New Roman','serif'; font-size: 10pt;\"><strong>N\u00e5ja,r\u00e4kna in mig som deltagare inf\u00f6r 40-\u00e5rs jubil\u00e9et&#8230;. <\/strong><\/span><\/p>\n<p><span style=\"font-family: 'Times New Roman','serif'; font-size: 10pt;\"><strong>mvh 232 Fjellborg <\/strong><\/span><\/p><\/blockquote>\n<p>&nbsp;<\/p>\n<blockquote><p><strong>Andra f\u00f6rs\u00f6ket (f\u00f6rsta med f\u00f6r mycket bilder troligtvis, nu utan) <\/strong><\/p>\n<p><strong>Jooo det var s\u00e5 jag k\u00e4nde \u00e5x\u00e5 \u2013 vi hade inte synts p\u00e5 ett halv\u00e5r eller s\u00e5 (k\u00e4ndes det som) \u2013 lite m\u00e4rkligt \u00e4nd\u00e5, det var ju n\u00e4stan 40 \u00e5r sedan!! Det var v\u00e4l de d\u00e4r taskiga bef\u00e4len vi hade som lyckades i sitt upps\u00e5t att f\u00e5 ihop oss som enheter J<\/strong><\/p>\n<p><strong>M\u00e5ste tacka 202 Tielenen f\u00f6r bildvisningen \u00e4ven om den inte var s\u00e5 positivt f\u00f6r min del p\u00e5 en del bilder \u2013 \u00e5 jag som trodde att Oppenheim var b\u00e4st p\u00e5 att sova \u2013 den villfarelsen blev jag av med !! Svante tack f\u00f6r att du fixade ihop det h\u00e4r, det beh\u00f6vs alltid en eldsj\u00e4l som inte ger sig utan ser till att det blir n\u00e5got utav det hela. Nu n\u00e4r vi kommit ihop igen s\u00e5 f\u00e5r vi organisera n\u00e4sta m\u00f6te \u00e4nnu b\u00e4ttre. <\/strong><\/p>\n<p><strong>Konstateranden: Alla e lika vackra \u2013 lite gr\u00e5are \u2013 lika glada \u2013 lika positiva \u2013 \u201dLinkan\u201d ser lika ung ut J som d\u00e5 det begav sig. \u2013 Alla kan ta mycket b\u00e4ttre bilder \u00e4n jag \u2013 Jag hade bredaste bakd\u00e4cket ( vad det nu hade f\u00f6r betydelse ??) \u2013 Svante hade goaste ljudet p\u00e5 sin moppe \u2013 En del st\u00e4llde sig i stram givakt n\u00e4r s\u00e5 gavs order \u2013 jag har nog fel inst\u00e4llning till det, men va fn om Ryssen kommer s\u00e5 f\u00e5r v\u00e4l jag vara med \u00e4nd\u00e5?? <\/strong><\/p>\n<p><strong>Jag hoppas att de som var med nu och de andra som inte kunde, kommer till n\u00e4sta tr\u00e4ff \u2013 d\u00e5 blir det \u00e4nnu roligare. <\/strong><\/p>\n<p><strong>Bifogar n\u00e5gra halvtaskiga foton (utom p\u00e5 201:an med sin moppe f\u00f6rst\u00e5ss) <\/strong><\/p>\n<p><strong>HaDetG\u00f6ttTillsViSynsIgen \/\/Kentha (204) <\/strong><\/p>\n<p><strong>Ps. var det n\u00e5gon av er som ringde hem till mig \u2013 mitt k\u00e4ra huskors uppfattade inte namnet s\u00e5 ring igen Ds.<\/strong><\/p><\/blockquote>\n<p>&nbsp;<\/p>\n<blockquote><p><strong>Hej Svante,<\/strong><\/p>\n<p><strong>stort tack f\u00f6r g\u00e5gna helg &#8211; helt fantastiskt att tr\u00e4ffas igen. Ett otroligt jobb du lagt ner&#8230;<\/strong><\/p>\n<p><strong>detta ger naturligtvis mersmak tilln kommande m\u00f6ten.<\/strong><\/p>\n<p><strong>Gl\u00f6mde ge dig telefonnummret till Clifford, skall fixa email till honom ocks\u00e5, \u00e5terkommer med det. Telefonnummret:<\/strong><\/p>\n<p><strong>vi h\u00f6rs min v\u00e4n..<\/strong><\/p>\n<p><strong>Hilsen thomas<\/strong><\/p><\/blockquote>\n<p style=\"text-align: center;\">\n<p style=\"text-align: left;\">\n<div style=\"text-align: left;\"><span style=\"font-size: 10pt;\"><span style=\"font-size: 10pt;\">\n\t\t<style type=\"text\/css\">\n\t\t\t#gallery-1 {\n\t\t\t\tmargin: auto;\n\t\t\t}\n\t\t\t#gallery-1 .gallery-item {\n\t\t\t\tfloat: left;\n\t\t\t\tmargin-top: 10px;\n\t\t\t\ttext-align: center;\n\t\t\t\twidth: 25%;\n\t\t\t}\n\t\t\t#gallery-1 img {\n\t\t\t\tborder: 2px solid #cfcfcf;\n\t\t\t}\n\t\t\t#gallery-1 .gallery-caption {\n\t\t\t\tmargin-left: 0;\n\t\t\t}\n\t\t\t\/* see gallery_shortcode() in wp-includes\/media.php *\/\n\t\t<\/style>\n\t\t<div id='gallery-1' class='gallery galleryid-115 gallery-columns-4 gallery-size-thumbnail'><dl class='gallery-item'>\n\t\t\t<dt class='gallery-icon landscape'>\n\t\t\t\t<a href='https:\/\/www.fjs1970.se\/wp-content\/uploads\/2009\/12\/IMG_0057_resize_resize.jpg'><img loading=\"lazy\" decoding=\"async\" width=\"150\" height=\"150\" src=\"https:\/\/www.fjs1970.se\/wp-content\/uploads\/2009\/12\/IMG_0057_resize_resize-150x150.jpg\" class=\"attachment-thumbnail size-thumbnail\" alt=\"FJS-dag 2008, Kentha med moppe\" \/><\/a>\n\t\t\t<\/dt><\/dl><dl class='gallery-item'>\n\t\t\t<dt class='gallery-icon landscape'>\n\t\t\t\t<a href='https:\/\/www.fjs1970.se\/wp-content\/uploads\/2010\/01\/FJS-dag-2008-gruppen.jpg'><img loading=\"lazy\" decoding=\"async\" width=\"150\" height=\"150\" src=\"https:\/\/www.fjs1970.se\/wp-content\/uploads\/2010\/01\/FJS-dag-2008-gruppen-150x150.jpg\" class=\"attachment-thumbnail size-thumbnail\" alt=\"\" \/><\/a>\n\t\t\t<\/dt><\/dl><dl class='gallery-item'>\n\t\t\t<dt class='gallery-icon landscape'>\n\t\t\t\t<a href='https:\/\/www.fjs1970.se\/wp-content\/uploads\/2009\/12\/IMG_0039_resize_resize.jpg'><img loading=\"lazy\" decoding=\"async\" width=\"150\" height=\"150\" src=\"https:\/\/www.fjs1970.se\/wp-content\/uploads\/2009\/12\/IMG_0039_resize_resize-150x150.jpg\" class=\"attachment-thumbnail size-thumbnail\" alt=\"FJS-dag 2008 p\u00e5 F6\" \/><\/a>\n\t\t\t<\/dt><\/dl><dl class='gallery-item'>\n\t\t\t<dt class='gallery-icon landscape'>\n\t\t\t\t<a href='https:\/\/www.fjs1970.se\/wp-content\/uploads\/2009\/12\/IMG_0040_resize_resize.jpg'><img loading=\"lazy\" decoding=\"async\" width=\"150\" height=\"150\" src=\"https:\/\/www.fjs1970.se\/wp-content\/uploads\/2009\/12\/IMG_0040_resize_resize-150x150.jpg\" class=\"attachment-thumbnail size-thumbnail\" alt=\"FJS-dag 2008 p\u00e5 F6\" \/><\/a>\n\t\t\t<\/dt><\/dl><br style=\"clear: both\" \/><dl class='gallery-item'>\n\t\t\t<dt class='gallery-icon landscape'>\n\t\t\t\t<a href='https:\/\/www.fjs1970.se\/wp-content\/uploads\/2009\/12\/IMG_0049_resize_resize.jpg'><img loading=\"lazy\" decoding=\"async\" width=\"150\" height=\"150\" src=\"https:\/\/www.fjs1970.se\/wp-content\/uploads\/2009\/12\/IMG_0049_resize_resize-150x150.jpg\" class=\"attachment-thumbnail size-thumbnail\" alt=\"FJS-dag 2008 p\u00e5 F6\" \/><\/a>\n\t\t\t<\/dt><\/dl><dl class='gallery-item'>\n\t\t\t<dt class='gallery-icon landscape'>\n\t\t\t\t<a href='https:\/\/www.fjs1970.se\/wp-content\/uploads\/2009\/12\/DSCN2190.jpg'><img loading=\"lazy\" decoding=\"async\" width=\"150\" height=\"150\" src=\"https:\/\/www.fjs1970.se\/wp-content\/uploads\/2009\/12\/DSCN2190-150x150.jpg\" class=\"attachment-thumbnail size-thumbnail\" alt=\"FJS-dag 2008 p\u00e5 F6\" \/><\/a>\n\t\t\t<\/dt><\/dl><dl class='gallery-item'>\n\t\t\t<dt class='gallery-icon landscape'>\n\t\t\t\t<a href='https:\/\/www.fjs1970.se\/wp-content\/uploads\/2009\/12\/DSCN2191.jpg'><img loading=\"lazy\" decoding=\"async\" width=\"150\" height=\"150\" src=\"https:\/\/www.fjs1970.se\/wp-content\/uploads\/2009\/12\/DSCN2191-150x150.jpg\" class=\"attachment-thumbnail size-thumbnail\" alt=\"FJS-dag 2008 p\u00e5 F6\" \/><\/a>\n\t\t\t<\/dt><\/dl><dl class='gallery-item'>\n\t\t\t<dt class='gallery-icon landscape'>\n\t\t\t\t<a href='https:\/\/www.fjs1970.se\/wp-content\/uploads\/2009\/12\/IMG_0033_resize_resize.jpg'><img loading=\"lazy\" decoding=\"async\" width=\"150\" height=\"150\" src=\"https:\/\/www.fjs1970.se\/wp-content\/uploads\/2009\/12\/IMG_0033_resize_resize-150x150.jpg\" class=\"attachment-thumbnail size-thumbnail\" alt=\"FJS-dag 2008 p\u00e5 F6\" \/><\/a>\n\t\t\t<\/dt><\/dl><br style=\"clear: both\" \/><dl class='gallery-item'>\n\t\t\t<dt class='gallery-icon landscape'>\n\t\t\t\t<a href='https:\/\/www.fjs1970.se\/wp-content\/uploads\/2009\/12\/DSCN2192.jpg'><img loading=\"lazy\" decoding=\"async\" width=\"150\" height=\"150\" src=\"https:\/\/www.fjs1970.se\/wp-content\/uploads\/2009\/12\/DSCN2192-150x150.jpg\" class=\"attachment-thumbnail size-thumbnail\" alt=\"FJS-dag 2008 p\u00e5 F6\" \/><\/a>\n\t\t\t<\/dt><\/dl><dl class='gallery-item'>\n\t\t\t<dt class='gallery-icon landscape'>\n\t\t\t\t<a href='https:\/\/www.fjs1970.se\/wp-content\/uploads\/2009\/12\/IMG_0054_resize_resize.jpg'><img loading=\"lazy\" decoding=\"async\" width=\"150\" height=\"150\" src=\"https:\/\/www.fjs1970.se\/wp-content\/uploads\/2009\/12\/IMG_0054_resize_resize-150x150.jpg\" class=\"attachment-thumbnail size-thumbnail\" alt=\"FJS-dag 2008, f\u00e4llning \u00f6ver F6\" \/><\/a>\n\t\t\t<\/dt><\/dl><dl class='gallery-item'>\n\t\t\t<dt class='gallery-icon landscape'>\n\t\t\t\t<a href='https:\/\/www.fjs1970.se\/wp-content\/uploads\/2009\/12\/IMG_0051_resize_resize.jpg'><img loading=\"lazy\" decoding=\"async\" width=\"150\" height=\"150\" src=\"https:\/\/www.fjs1970.se\/wp-content\/uploads\/2009\/12\/IMG_0051_resize_resize-150x150.jpg\" class=\"attachment-thumbnail size-thumbnail\" alt=\"FJS-dag 2008, f\u00e4llning \u00f6ver F6\" \/><\/a>\n\t\t\t<\/dt><\/dl><dl class='gallery-item'>\n\t\t\t<dt class='gallery-icon landscape'>\n\t\t\t\t<a href='https:\/\/www.fjs1970.se\/wp-content\/uploads\/2009\/12\/IMG_0056_resize_resize.jpg'><img loading=\"lazy\" decoding=\"async\" width=\"150\" height=\"150\" src=\"https:\/\/www.fjs1970.se\/wp-content\/uploads\/2009\/12\/IMG_0056_resize_resize-150x150.jpg\" class=\"attachment-thumbnail size-thumbnail\" alt=\"FJS-dag 2008, middag i v\u00e4rnpliktsmatsalen\" \/><\/a>\n\t\t\t<\/dt><\/dl><br style=\"clear: both\" \/><dl class='gallery-item'>\n\t\t\t<dt class='gallery-icon landscape'>\n\t\t\t\t<a href='https:\/\/www.fjs1970.se\/wp-content\/uploads\/2009\/12\/IMG_0065_resize_resize.jpg'><img loading=\"lazy\" decoding=\"async\" width=\"150\" height=\"150\" src=\"https:\/\/www.fjs1970.se\/wp-content\/uploads\/2009\/12\/IMG_0065_resize_resize-150x150.jpg\" class=\"attachment-thumbnail size-thumbnail\" alt=\"FJS-dag 2008, uppst\u00e4llning i l\u00e4gret\" \/><\/a>\n\t\t\t<\/dt><\/dl><dl class='gallery-item'>\n\t\t\t<dt class='gallery-icon landscape'>\n\t\t\t\t<a href='https:\/\/www.fjs1970.se\/wp-content\/uploads\/2009\/12\/IMG_0059_resize_resize.jpg'><img loading=\"lazy\" decoding=\"async\" width=\"150\" height=\"150\" src=\"https:\/\/www.fjs1970.se\/wp-content\/uploads\/2009\/12\/IMG_0059_resize_resize-150x150.jpg\" class=\"attachment-thumbnail size-thumbnail\" alt=\"FJS-dag 2008 i l\u00e4gret\" \/><\/a>\n\t\t\t<\/dt><\/dl><dl class='gallery-item'>\n\t\t\t<dt class='gallery-icon landscape'>\n\t\t\t\t<a href='https:\/\/www.fjs1970.se\/wp-content\/uploads\/2009\/12\/DSCN2193.jpg'><img loading=\"lazy\" decoding=\"async\" width=\"150\" height=\"150\" src=\"https:\/\/www.fjs1970.se\/wp-content\/uploads\/2009\/12\/DSCN2193-150x150.jpg\" class=\"attachment-thumbnail size-thumbnail\" alt=\"FJS-dag 2008 i l\u00e4gret\" \/><\/a>\n\t\t\t<\/dt><\/dl><dl class='gallery-item'>\n\t\t\t<dt class='gallery-icon landscape'>\n\t\t\t\t<a href='https:\/\/www.fjs1970.se\/wp-content\/uploads\/2009\/12\/IMG_0063_resize_resize.jpg'><img loading=\"lazy\" decoding=\"async\" width=\"150\" height=\"150\" src=\"https:\/\/www.fjs1970.se\/wp-content\/uploads\/2009\/12\/IMG_0063_resize_resize-150x150.jpg\" class=\"attachment-thumbnail size-thumbnail\" alt=\"FJS-dag 2008, uppvisningshopp i l\u00e4gret\" \/><\/a>\n\t\t\t<\/dt><\/dl><br style=\"clear: both\" \/><dl class='gallery-item'>\n\t\t\t<dt class='gallery-icon landscape'>\n\t\t\t\t<a href='https:\/\/www.fjs1970.se\/wp-content\/uploads\/2009\/12\/IMG_0070_resize_resize.jpg'><img loading=\"lazy\" decoding=\"async\" width=\"150\" height=\"150\" src=\"https:\/\/www.fjs1970.se\/wp-content\/uploads\/2009\/12\/IMG_0070_resize_resize-150x150.jpg\" class=\"attachment-thumbnail size-thumbnail\" alt=\"FJS-dag 2008, bildvisning\" \/><\/a>\n\t\t\t<\/dt><\/dl><dl class='gallery-item'>\n\t\t\t<dt class='gallery-icon landscape'>\n\t\t\t\t<a href='https:\/\/www.fjs1970.se\/wp-content\/uploads\/2009\/12\/IMG_0071_resize_resize.jpg'><img loading=\"lazy\" decoding=\"async\" width=\"150\" height=\"150\" src=\"https:\/\/www.fjs1970.se\/wp-content\/uploads\/2009\/12\/IMG_0071_resize_resize-150x150.jpg\" class=\"attachment-thumbnail size-thumbnail\" alt=\"FJS-dag 2008, m\u00f6te p\u00e5 Gula Villan\" \/><\/a>\n\t\t\t<\/dt><\/dl><dl class='gallery-item'>\n\t\t\t<dt class='gallery-icon landscape'>\n\t\t\t\t<a href='https:\/\/www.fjs1970.se\/wp-content\/uploads\/2009\/12\/IMG_0072_resize_resize.jpg'><img loading=\"lazy\" decoding=\"async\" width=\"150\" height=\"150\" src=\"https:\/\/www.fjs1970.se\/wp-content\/uploads\/2009\/12\/IMG_0072_resize_resize-150x150.jpg\" class=\"attachment-thumbnail size-thumbnail\" alt=\"FJS-dag 2008, Linkan\" \/><\/a>\n\t\t\t<\/dt><\/dl><dl class='gallery-item'>\n\t\t\t<dt class='gallery-icon landscape'>\n\t\t\t\t<a href='https:\/\/www.fjs1970.se\/wp-content\/uploads\/2009\/12\/IMG_0074_resize_resize.jpg'><img loading=\"lazy\" decoding=\"async\" width=\"150\" height=\"150\" src=\"https:\/\/www.fjs1970.se\/wp-content\/uploads\/2009\/12\/IMG_0074_resize_resize-150x150.jpg\" class=\"attachment-thumbnail size-thumbnail\" alt=\"FJS-dag 2008, tidig morgon\" \/><\/a>\n\t\t\t<\/dt><\/dl><br style=\"clear: both\" \/><dl class='gallery-item'>\n\t\t\t<dt class='gallery-icon landscape'>\n\t\t\t\t<a href='https:\/\/www.fjs1970.se\/wp-content\/uploads\/2009\/12\/DSCN2201.jpg'><img loading=\"lazy\" decoding=\"async\" width=\"150\" height=\"150\" src=\"https:\/\/www.fjs1970.se\/wp-content\/uploads\/2009\/12\/DSCN2201-150x150.jpg\" class=\"attachment-thumbnail size-thumbnail\" alt=\"FJS-dag 2008, frukost p\u00e5 Gula Villan\" \/><\/a>\n\t\t\t<\/dt><\/dl><dl class='gallery-item'>\n\t\t\t<dt class='gallery-icon landscape'>\n\t\t\t\t<a href='https:\/\/www.fjs1970.se\/wp-content\/uploads\/2009\/12\/DSCN2200.jpg'><img loading=\"lazy\" decoding=\"async\" width=\"150\" height=\"150\" src=\"https:\/\/www.fjs1970.se\/wp-content\/uploads\/2009\/12\/DSCN2200-150x150.jpg\" class=\"attachment-thumbnail size-thumbnail\" alt=\"FJS-dag 2008, frukost p\u00e5 Gula Villan\" \/><\/a>\n\t\t\t<\/dt><\/dl>\n\t\t\t<br style='clear: both' \/>\n\t\t<\/div>\n<\/p>\n<p><\/span><\/span>&nbsp;<\/p>\n<p>&nbsp;<\/p>\n<\/div>\n<div style=\"text-align: left;\"><\/div>\n","protected":false},"excerpt":{"rendered":"<p>&#8221;En m\u00e4rkligt go k\u00e4nsla&#8221; Hej p\u00e5 er alla Det blev en &#8221;m\u00e4rkligt go k\u00e4nsla&#8221; n\u00e4r vi m\u00f6ttes efter 38 \u00e5r. Jag kan inte beskriva det, men man inser \u00e4nnu en g\u00e5ng att \u00e5ret p\u00e5 FJS har satt sp\u00e5r som aldrig f\u00f6rsvinner. Det tar inte m\u00e5nga minuter f\u00f6rr\u00e4n de hj\u00e4rtliga skratten ekar och det k\u00e4nns som [&hellip;]<\/p>\n","protected":false},"author":1,"featured_media":0,"parent":311,"menu_order":15,"comment_status":"closed","ping_status":"closed","template":"","meta":{"footnotes":""},"class_list":["post-115","page","type-page","status-publish","hentry"],"_links":{"self":[{"href":"https:\/\/www.fjs1970.se\/index.php?rest_route=\/wp\/v2\/pages\/115","targetHints":{"allow":["GET"]}}],"collection":[{"href":"https:\/\/www.fjs1970.se\/index.php?rest_route=\/wp\/v2\/pages"}],"about":[{"href":"https:\/\/www.fjs1970.se\/index.php?rest_route=\/wp\/v2\/types\/page"}],"author":[{"embeddable":true,"href":"https:\/\/www.fjs1970.se\/index.php?rest_route=\/wp\/v2\/users\/1"}],"replies":[{"embeddable":true,"href":"https:\/\/www.fjs1970.se\/index.php?rest_route=%2Fwp%2Fv2%2Fcomments&post=115"}],"version-history":[{"count":67,"href":"https:\/\/www.fjs1970.se\/index.php?rest_route=\/wp\/v2\/pages\/115\/revisions"}],"predecessor-version":[{"id":11662,"href":"https:\/\/www.fjs1970.se\/index.php?rest_route=\/wp\/v2\/pages\/115\/revisions\/11662"}],"up":[{"embeddable":true,"href":"https:\/\/www.fjs1970.se\/index.php?rest_route=\/wp\/v2\/pages\/311"}],"wp:attachment":[{"href":"https:\/\/www.fjs1970.se\/index.php?rest_route=%2Fwp%2Fv2%2Fmedia&parent=115"}],"curies":[{"name":"wp","href":"https:\/\/api.w.org\/{rel}","templated":true}]}}